{"version":"1.0","provider_name":"Fundaci\u00f3 Gl\u00f2ria Soler","provider_url":"https:\/\/fundaciogloriasoler.org\/ca\/","author_name":"fundacio","author_url":"https:\/\/fundaciogloriasoler.org\/ca\/author\/fundacio\/","title":"Encarar el futur des de la saviesa del passat - Fundaci\u00f3 Gl\u00f2ria Soler","type":"rich","width":600,"height":338,"html":"<blockquote class=\"wp-embedded-content\" data-secret=\"pMG65yBXqi\"><a href=\"https:\/\/fundaciogloriasoler.org\/ca\/noticia\/afrontar-el-futuro-desde-la-sabiduria-del-pasado\/\">Encarar el futur des de la saviesa del passat<\/a><\/blockquote><iframe sandbox=\"allow-scripts\" security=\"restricted\" src=\"https:\/\/fundaciogloriasoler.org\/ca\/noticia\/afrontar-el-futuro-desde-la-sabiduria-del-pasado\/embed\/#?secret=pMG65yBXqi\" width=\"600\" height=\"338\" title=\"&#8220;Encarar el futur des de la saviesa del passat&#8221; &#8212; Fundaci\u00f3 Gl\u00f2ria Soler\" data-secret=\"pMG65yBXqi\" frameborder=\"0\" marginwidth=\"0\" marginheight=\"0\" scrolling=\"no\" class=\"wp-embedded-content\"><\/iframe><script type=\"text\/javascript\">\n\/* <![CDATA[ *\/\n\/*! This file is auto-generated *\/\n!function(d,l){\"use strict\";l.querySelector&&d.addEventListener&&\"undefined\"!=typeof URL&&(d.wp=d.wp||{},d.wp.receiveEmbedMessage||(d.wp.receiveEmbedMessage=function(e){var t=e.data;if((t||t.secret||t.message||t.value)&&!\/[^a-zA-Z0-9]\/.test(t.secret)){for(var s,r,n,a=l.querySelectorAll('iframe[data-secret=\"'+t.secret+'\"]'),o=l.querySelectorAll('blockquote[data-secret=\"'+t.secret+'\"]'),c=new RegExp(\"^https?:$\",\"i\"),i=0;i<o.length;i++)o[i].style.display=\"none\";for(i=0;i<a.length;i++)s=a[i],e.source===s.contentWindow&&(s.removeAttribute(\"style\"),\"height\"===t.message?(1e3<(r=parseInt(t.value,10))?r=1e3:~~r<200&&(r=200),s.height=r):\"link\"===t.message&&(r=new URL(s.getAttribute(\"src\")),n=new URL(t.value),c.test(n.protocol))&&n.host===r.host&&l.activeElement===s&&(d.top.location.href=t.value))}},d.addEventListener(\"message\",d.wp.receiveEmbedMessage,!1),l.addEventListener(\"DOMContentLoaded\",function(){for(var e,t,s=l.querySelectorAll(\"iframe.wp-embedded-content\"),r=0;r<s.length;r++)(t=(e=s[r]).getAttribute(\"data-secret\"))||(t=Math.random().toString(36).substring(2,12),e.src+=\"#?secret=\"+t,e.setAttribute(\"data-secret\",t)),e.contentWindow.postMessage({message:\"ready\",secret:t},\"*\")},!1)))}(window,document);\n\/* ]]> *\/\n<\/script>\n","thumbnail_url":"https:\/\/fundaciogloriasoler.org\/wp-content\/uploads\/2020\/06\/avis-cuadrado.jpg","thumbnail_width":1024,"thumbnail_height":786,"description":"El COVID -19 ha afectat especialment a les persones m\u00e9s vulnerables, entre les que es troba la gent gran. La Fundaci\u00f3 Gl\u00f2ria Soler ha recollit el seu testimoni amb la col\u00b7laboraci\u00f3 de joves voluntaris de l\u2019Associaci\u00f3 ASTE durant el confinament."}